{"id":943,"date":"2024-05-24T12:30:38","date_gmt":"2024-05-24T12:30:38","guid":{"rendered":"https:\/\/www.sasuudad.ee\/?page_id=943"},"modified":"2025-12-15T10:49:12","modified_gmt":"2025-12-15T10:49:12","slug":"meie-meedias","status":"publish","type":"page","link":"https:\/\/www.sasuudad.ee\/en_us\/meie-meedias\/","title":{"rendered":"US IN MEDIA"},"content":{"rendered":"<p>Here you can find interesting articles and TV and radio reports about what we do.<\/p>\n\n\n\n<figure class=\"wp-block-gallery alignright has-nested-images columns-default is-cropped wp-block-gallery-1 is-layout-flex wp-block-gallery-is-layout-flex\">\n<figure class=\"wp-block-image size-medium\"><img loading=\"lazy\" decoding=\"async\" width=\"300\" height=\"161\" data-id=\"2985\" src=\"https:\/\/www.sasuudad.ee\/wp-content\/uploads\/2025\/12\/Keidy-300x161.avif\" alt=\"\" class=\"wp-image-2985\" srcset=\"https:\/\/www.sasuudad.ee\/wp-content\/uploads\/2025\/12\/Keidy-300x161.avif 300w, https:\/\/www.sasuudad.ee\/wp-content\/uploads\/2025\/12\/Keidy-768x413.avif 768w, https:\/\/www.sasuudad.ee\/wp-content\/uploads\/2025\/12\/Keidy-18x10.avif 18w, https:\/\/www.sasuudad.ee\/wp-content\/uploads\/2025\/12\/Keidy.avif 960w\" sizes=\"auto, (max-width: 300px) 100vw, 300px\" \/><\/figure>\n<\/figure>\n\n\n\n<p><strong>2025<\/strong><\/p>\n\n\n\n<ul class=\"wp-block-list\">\n<li><a href=\"https:\/\/www.err.ee\/1609867296\/impulss-mida-teeb-perevagivald-lastega\" target=\"_blank\" rel=\"noopener\" title=\"\">&#8220;Impulss&#8221;: mida teeb perev\u00e4givald lastega? <\/a>ETV saates &#8220;Impulss&#8221; jagavad kaks kahek\u00fcmnendates eluaastates naist oma lugu sellest, mida teeb perev\u00e4givald k\u00f5ige n\u00f5rgemate &#8211; lastega. (ERR.ee Nele-Mai Olup 25.11.2025)<\/li>\n\n\n\n<li><a href=\"https:\/\/www.err.ee\/1609866993\/otse-kell-13-selguvad-aasta-kodanik-ja-kodanikupaeva-aumargi-saajad\" target=\"_blank\" rel=\"noopener\" title=\"\">Selguvad aasta kodanik ja kodanikup\u00e4eva aum\u00e4rgi saajad<\/a> (ERR.ee 25.11.2025 Aum\u00e4rgi sai MT\u00dc asutaja Enelis Linnas) <\/li>\n\n\n\n<li><a href=\"javascript:void(0);\" target=\"_blank\" rel=\"noopener\" title=\"Kuulamindara\">Ma tundsin end n\u00e4htamatuna.&#8221; Kaks noort naist r\u00e4\u00e4givad lapsep\u00f5lvest vaimse, f\u00fc\u00fcsilise ja seksuaalse v\u00e4givalla ning s\u00f5ltuvuste keskel<\/a> (\u201eKuula mind \u00e4ra\u201c Delfi taskuh\u00e4\u00e4lingus Agne-Andra ja Elisabeth, 08.09.2025)<\/li>\n\n\n\n<li><a href=\"https:\/\/www.eswa.ee\/esta-pohjapiirkonna-teemapaev-keskendus-noortele-kelle-kaitumist-on-sageli-raske-moista\/\" target=\"_blank\" rel=\"noopener\" title=\"ESTA p\u00f5hjapiirkonna teemap\u00e4ev keskendus noortele, kelle k\u00e4itumist on sageli raske m\u00f5ista\">ESTA p\u00f5hjapiirkonna teemap\u00e4ev keskendus noortele, kelle k\u00e4itumist on sageli raske m\u00f5ista<\/a> (Marianne-Elisabeth Agu, 16.06.2025)<\/li>\n\n\n\n<li><a href=\"https:\/\/harjuelu.ee\/iga-noor-vaarib-voimalust\/\" target=\"_blank\" rel=\"noopener\" title=\"\">Iga noor v\u00e4\u00e4rib v\u00f5imalust! <\/a>(Merit P\u00f5ld, Harju Elu, 13.06.2025)<\/li>\n\n\n\n<li><a href=\"https:\/\/markalast.ee\/2025\/05\/21\/toimus-veebiseminar-kui-valu-valjendub-massus-kuidas-moista-ja-aidata-riskikaitumisega-noort\/\" target=\"_blank\" rel=\"noopener\" title=\"\">Toimus veebiseminar \u201cKui valu v\u00e4ljendub m\u00e4ssus \u2013 kuidas m\u00f5ista ja aidata riskik\u00e4itumisega noort?\u201d <\/a>(Jessica Babenko, markalast.ee, 21.05.2025)<\/li>\n\n\n\n<li><a href=\"https:\/\/www.ohtuleht.ee\/tervis\/1129710\/mis-toimub-pinna-all-noorte-riskikaitumine-pole-probleem-vaid-sumptom\" title=\"\" target=\"_blank\" rel=\"noopener\">Mis toimub pinna all? Noorte riskik\u00e4itumine pole probleem, vaid s\u00fcmptom<\/a> (\u00d5htuleht, 25. aprill 2025)<\/li>\n\n\n\n<li><a href=\"https:\/\/raha.geenius.ee\/blogi\/luminori-blogi\/noorte-riskikaitumine-pole-probleem-vaid-sumptom\/\" title=\"\" target=\"_blank\" rel=\"noopener\">Noorte riskik\u00e4itumine pole probleem, vaid s\u00fcmptom<\/a> (Rahageenius, 23.aprill .2025)<\/li>\n\n\n\n<li><a href=\"https:\/\/raha.geenius.ee\/blogi\/luminori-blogi\/see-on-uskumatu-et-selline-asi-eestis-uldse-olemas-on-nula-inkubaatorisse-kandideerimise-tahtaeg-laheneb\/\" target=\"_blank\" rel=\"noopener\" title=\"NULA inkubaatori Luminori eripreemia sai sel aastal algatus Sa Suudad, mis tegeleb riskinoorte aitamisega\">NULA inkubaatori Luminori eripreemia sai sel aastal algatus Sa Suudad, mis tegeleb riskinoorte aitamisega<\/a> Rahageenius (7. aprill 2025)<\/li>\n\n\n\n<li><a href=\"https:\/\/ohtu.kanal2.ee\/8214143\/saates-ohtu-alkohol-enesevigastamine-suitsiidid-ja-koolikiusamine-oma-keerulisest-teekonnast-raagivad-neiud-kes-tana-toetavad-riskikaitumisega-noori-labi-presidendi-poolt-tunnustatud-mtu-sa-suudad\" target=\"_blank\" rel=\"noopener\" title=\"Alkohol, enesevigastamine, suitsiidid ja koolikiusamine: Oma keerulisest teekonnast r\u00e4\u00e4givad neiud, kes t\u00e4na toetavad riskik\u00e4itumisega noori l\u00e4bi presidendi poolt tunnustatud MT\u00dc Sa Suudad\">Alkohol, enesevigastamine, suitsiidid ja koolikiusamine: Oma keerulisest teekonnast r\u00e4\u00e4givad neiud, kes t\u00e4na toetavad riskik\u00e4itumisega noori l\u00e4bi presidendi poolt tunnustatud MT\u00dc Sa Suudad<\/a> Noored &#8220;\u00d5htu&#8221; saates (2. aprill 2025)<\/li>\n\n\n\n<li><a href=\"https:\/\/raha.geenius.ee\/blogi\/luminori-blogi\/nula-kutsub-esitama-ideid-eesti-elu-paremaks-muutmiseks\/\" target=\"_blank\" rel=\"noopener\" title=\"NULA kutsub esitama ideid Eesti elu paremaks muutmiseks\">NULA kutsub esitama ideid Eesti elu paremaks muutmiseks<\/a> Rahageenius (31. m\u00e4rts 2025)<\/li>\n\n\n\n<li><a href=\"https:\/\/heakodanik.ee\/uudised\/aasta-tulija-sa-suudad\/\" target=\"_blank\" rel=\"noopener\" title=\"\">Aasta tulija: Sa Suudad<\/a> Hea Kodanik artikkel, intervjuu Enelis Linnasega (25.02.2025)<\/li>\n\n\n\n<li><a href=\"https:\/\/epl.delfi.ee\/artikkel\/120356991\/enelis-linnas-lapsed-ja-noored-on-voimusuhetes-taiskasvanutega-eriti-haavatavad\" target=\"_blank\" rel=\"noopener\" title=\"\">Enelis Linnas: lapsed ja noored on v\u00f5imusuhetes t\u00e4iskasvanutega eriti haavatavad<\/a> &nbsp;Eesti P\u00e4evaleht (18.02.2025)<\/li>\n\n\n\n<li><a href=\"https:\/\/kysk.ee\/president-karis-tunnustas-ruutelkonna-hoones-kodanikuuhiskonna-aasta-tegijaid\/\" target=\"_blank\" rel=\"noopener\" title=\"\">President Karis tunnustas R\u00fc\u00fctelkonna hoones kodaniku\u00fchiskonna aasta tegijaid<\/a> K\u00dcSK (06.02.2025)<\/li>\n\n\n\n<li><a href=\"https:\/\/www.delfi.ee\/artikkel\/120354972\/fotod-president-karis-vabatahtlike-tunnustamisel-vaikestest-vabatahtlikest-seikadest-saabki-eesti-paremaks\" target=\"_blank\" rel=\"noopener\" title=\"\">FOTOD | President Karis vabatahtlike tunnustamisel: v\u00e4ikestest vabatahtlikest seikadest saabki Eesti paremaks&nbsp;<\/a> Delfi (05.02.2025)<\/li>\n\n\n\n<li><a href=\"https:\/\/www.ohtuleht.ee\/1124045\/aasta-tegijad-president-karis-tunnustas-kodanikuuhiskonna-eestvedajaid\" target=\"_blank\" rel=\"noopener\" title=\"\">AASTA TEGIJAD | President Karis tunnustas kodaniku\u00fchiskonna eestvedajaid (\u00d5htuleht)<\/a> (05.02.2025)<\/li>\n\n\n\n<li><a href=\"https:\/\/heakodanik.ee\/uudised\/selgusid-kodanikuuhiskonna-aasta-tegijad-2024\/\" target=\"_blank\" rel=\"noopener\" title=\"\">Selgusid kodaniku\u00fchiskonna aasta tegijad!<\/a> Hea Kodanik (05.02.2025)<\/li>\n<\/ul>\n\n\n<div class=\"wp-block-image\">\n<figure class=\"aligncenter size-medium\"><img loading=\"lazy\" decoding=\"async\" width=\"300\" height=\"225\" src=\"https:\/\/www.sasuudad.ee\/wp-content\/uploads\/2025\/10\/IMG_8150-300x225.avif\" alt=\"\" class=\"wp-image-2763\" srcset=\"https:\/\/www.sasuudad.ee\/wp-content\/uploads\/2025\/10\/IMG_8150-300x225.avif 300w, https:\/\/www.sasuudad.ee\/wp-content\/uploads\/2025\/10\/IMG_8150-1024x768.avif 1024w, https:\/\/www.sasuudad.ee\/wp-content\/uploads\/2025\/10\/IMG_8150-768x576.avif 768w, https:\/\/www.sasuudad.ee\/wp-content\/uploads\/2025\/10\/IMG_8150-1536x1152.avif 1536w, https:\/\/www.sasuudad.ee\/wp-content\/uploads\/2025\/10\/IMG_8150-16x12.avif 16w, https:\/\/www.sasuudad.ee\/wp-content\/uploads\/2025\/10\/IMG_8150.avif 2048w\" sizes=\"auto, (max-width: 300px) 100vw, 300px\" \/><\/figure>\n<\/div>\n\n\n<p><strong>2024<\/strong><\/p>\n\n\n\n<ul class=\"wp-block-list\">\n<li><strong><a href=\"https:\/\/markalast.ee\/2024\/12\/09\/lastekaitse-liit-korraldas-oma-liikmetele-arenguseminari\/\" target=\"_blank\" rel=\"noopener\" title=\"\">Lastekaitse Liit korraldas oma liikmetele arenguseminari.<\/a><\/strong> Meie juhatuse liige Enelis Linnas osales 6. detsembril arenguseminaril. (Lastekaitse Liit)<\/li>\n\n\n\n<li><a href=\"https:\/\/www.lastekaitseliit.ee\/et\/aastakonverents-2024-kuula-mind-pariselt\/\" target=\"_blank\" rel=\"noopener\" title=\"\"><strong>Lastekaitse Liidu konverentsi &#8220;Kuula mind p\u00e4riselt&#8221; j\u00e4relvaatamise <\/strong>link.<\/a> (MT\u00dc Sa Suudad noorte esitluse alguse aeg 3.57)<\/li>\n\n\n\n<li><a href=\"https:\/\/vikervaade.ee\/hungr-ja-mtu-sa-suudad-korraldavad-noortega-paneeldiskussiooni\/\" target=\"_blank\" rel=\"noopener\" title=\"\"><strong>Hungr ja MT\u00dc Sa Suudad korraldavad noortega paneeldiskussiooni<\/strong>.<\/a> (Vikervaade, 13.09.2024)<\/li>\n\n\n\n<li><a href=\"https:\/\/www.terviseinfo.ee\/et\/blogi\/5887-noored-vajavad-moistmist-ja-tuge-mitte-karistust\" target=\"_blank\" rel=\"noopener\"><strong>Enelis Linnas: noored vajavad m\u00f5istmist ja tuge, mitte karistust<\/strong><\/a> (Terviseinfo, 31.07.2024)<\/li>\n\n\n\n<li><strong><a href=\"https:\/\/epl.delfi.ee\/artikkel\/120310732\/enelis-linnas-kui-sa-votad-mind-nagu-inimest-on-pool-tood-tehtud-mis-aitab-13-aastaste-rublikute-vastu\" target=\"_blank\" rel=\"noopener\" title=\"\">Enelis Linnas: \u201eKui sa v\u00f5tad mind nagu inimest, on pool t\u00f6\u00f6d tehtud.\u201c Mis aitab 13-aastaste r\u00fcblikute vastu?<\/a><\/strong> (Eesti P\u00e4evaleht)<\/li>\n\n\n\n<li><strong><a href=\"https:\/\/heategu.ee\/blogi\/nula-inkubaatori-2024-aasta-10-algatust-on-selgunud\/\" target=\"_blank\" rel=\"noopener\" title=\"\">NULA inkubaatori 2024. aasta 10 algatust on selgunud.<\/a><\/strong> (Heategu)<\/li>\n\n\n\n<li><strong><a href=\"https:\/\/www.sotsiaalkindlustusamet.ee\/uudised\/sotsiaalkindlustusamet-tutvustab-koos-noortega-taastava-oiguse-voimalusi\" target=\"_blank\" rel=\"noopener\" title=\"\">Sotsiaalkindlustusamet tutvustab koos noortega taastava \u00f5iguse v\u00f5imalusi.<\/a><\/strong> (Sotsiaalkindlustusamet) <\/li>\n\n\n\n<li style=\"font-size:20px\"><strong>Lastekaitse Liidu taskuh\u00e4\u00e4ling &#8220;Kuula last&#8221; &#8211; Stuudios Evert Kiisk ja Kelian J\u00e4rv<\/strong> (Spotify)<\/li>\n<\/ul>\n\n\n\n<figure class=\"wp-block-embed is-type-rich is-provider-spotify wp-block-embed-spotify wp-embed-aspect-21-9 wp-has-aspect-ratio\"><div class=\"wp-block-embed__wrapper\">\n<iframe title=\"Spotify Embed: Kuula mind p\u00e4riselt\" style=\"border-radius: 12px\" width=\"100%\" height=\"152\" frameborder=\"0\" allowfullscreen allow=\"autoplay; clipboard-write; encrypted-media; fullscreen; picture-in-picture\" loading=\"lazy\" src=\"https:\/\/open.spotify.com\/embed\/episode\/7Cgr1odlWe0b2c7AJTuKFg?utm_source=oembed\"><\/iframe>\n<\/div><\/figure>\n\n\n\n<ul class=\"wp-block-list\">\n<li><strong>Lastekaitse Liidu taskuh\u00e4\u00e4ling  &#8211; Stuudios Enelis Linnas<\/strong> (Spotify)<\/li>\n<\/ul>\n\n\n\n<figure class=\"wp-block-embed is-type-rich is-provider-spotify wp-block-embed-spotify wp-embed-aspect-21-9 wp-has-aspect-ratio\"><div class=\"wp-block-embed__wrapper\">\n<iframe title=\"Spotify Embed: Kuidas t\u00e4iskasvanuna noorega kontakti luua?\" style=\"border-radius: 12px\" width=\"100%\" height=\"152\" frameborder=\"0\" allowfullscreen allow=\"autoplay; clipboard-write; encrypted-media; fullscreen; picture-in-picture\" loading=\"lazy\" src=\"https:\/\/open.spotify.com\/embed\/episode\/04jsKUr7bLNG9zvgbmszbk?utm_source=oembed\"><\/iframe>\n<\/div><\/figure>\n\n\n\n<p><\/p>","protected":false},"excerpt":{"rendered":"<p>Siit leiad huvitavaid artikleid ning tele- ja raadiokajastusi meie tegemistest. 2025 2024<\/p>","protected":false},"author":2,"featured_media":2113,"parent":0,"menu_order":0,"comment_status":"closed","ping_status":"closed","template":"","meta":{"neve_meta_sidebar":"","neve_meta_container":"","neve_meta_enable_content_width":"","neve_meta_content_width":0,"neve_meta_title_alignment":"","neve_meta_author_avatar":"","neve_post_elements_order":"","neve_meta_disable_header":"","neve_meta_disable_footer":"","neve_meta_disable_title":"","_themeisle_gutenberg_block_has_review":false,"footnotes":""},"class_list":["post-943","page","type-page","status-publish","has-post-thumbnail","hentry"],"_links":{"self":[{"href":"https:\/\/www.sasuudad.ee\/en_us\/wp-json\/wp\/v2\/pages\/943","targetHints":{"allow":["GET"]}}],"collection":[{"href":"https:\/\/www.sasuudad.ee\/en_us\/wp-json\/wp\/v2\/pages"}],"about":[{"href":"https:\/\/www.sasuudad.ee\/en_us\/wp-json\/wp\/v2\/types\/page"}],"author":[{"embeddable":true,"href":"https:\/\/www.sasuudad.ee\/en_us\/wp-json\/wp\/v2\/users\/2"}],"replies":[{"embeddable":true,"href":"https:\/\/www.sasuudad.ee\/en_us\/wp-json\/wp\/v2\/comments?post=943"}],"version-history":[{"count":28,"href":"https:\/\/www.sasuudad.ee\/en_us\/wp-json\/wp\/v2\/pages\/943\/revisions"}],"predecessor-version":[{"id":3000,"href":"https:\/\/www.sasuudad.ee\/en_us\/wp-json\/wp\/v2\/pages\/943\/revisions\/3000"}],"wp:featuredmedia":[{"embeddable":true,"href":"https:\/\/www.sasuudad.ee\/en_us\/wp-json\/wp\/v2\/media\/2113"}],"wp:attachment":[{"href":"https:\/\/www.sasuudad.ee\/en_us\/wp-json\/wp\/v2\/media?parent=943"}],"curies":[{"name":"wp","href":"https:\/\/api.w.org\/{rel}","templated":true}]}}